{"id":9888,"date":"2016-03-02T23:49:21","date_gmt":"2016-03-02T21:49:21","guid":{"rendered":"https:\/\/www.sera.asso.fr\/?post_type=tribe_events&#038;p=9888"},"modified":"2016-03-02T23:49:21","modified_gmt":"2016-03-02T21:49:21","slug":"15-mars-lyon-mre-exposition-eau-et-climat","status":"publish","type":"tribe_events","link":"https:\/\/www.sera.asso.fr\/index.php\/event\/15-mars-lyon-mre-exposition-eau-et-climat\/","title":{"rendered":"15 Mars Lyon MRE Exposition Eau et climat"},"content":{"rendered":"<header class=\"entry-header\">\n<p class=\"entry-title\"><span style=\"color: #000000;\"><a style=\"color: #000000;\" href=\"http:\/\/eau-rhonealpes.fr\/eau-et-climat-a-ne-pas-manquer-15-mars-lyon-mre\/\" rel=\"bookmark\">\u00a0Notre partenaire Eau Bien commun en Rh\u00f4ne-Alpes vous invite \u00e0 cette exposition :<\/a><\/span><\/p>\n<p class=\"entry-title\"><a href=\"http:\/\/eau-rhonealpes.fr\/eau-et-climat-a-ne-pas-manquer-15-mars-lyon-mre\/\" rel=\"bookmark\">EAU ET CLIMAT: A NE PAS MANQUER \u2013 LE 15 MARS A LYON (MRE)<\/a><\/p>\n<\/header>\n<div class=\"entry-content\">\n<p><a href=\"http:\/\/i0.wp.com\/eau-rhonealpes.fr\/wp-content\/uploads\/2013\/07\/Flyer-15-Mars-MRE.jpg\"><img loading=\"lazy\" decoding=\"async\" class=\" wp-image-1439 alignleft\" src=\"http:\/\/i0.wp.com\/eau-rhonealpes.fr\/wp-content\/uploads\/2013\/07\/Flyer-15-Mars-MRE.jpg?zoom=1.5&amp;resize=249%2C353\" srcset=\"http:\/\/i0.wp.com\/eau-rhonealpes.fr\/wp-content\/uploads\/2013\/07\/Flyer-15-Mars-MRE.jpg?zoom=1.5&amp;resize=249%2C353\" alt=\"Flyer 15 Mars MRE\" width=\"249\" height=\"353\" \/><\/a><strong>Programme<\/strong>:<br \/>\n17:00-17:10: Pr\u00e9sentation CERA<br \/>\n17:10-17:20: Pr\u00e9sentation Projet Erasmus+ Jeunesse<br \/>\n17:20-17:35: Pr\u00e9sentation du \u201cPetit Manuel de l\u2019action pour l\u2019Eau et le Climat\u201d (pour le t\u00e9l\u00e9charger cliquez <a href=\"https:\/\/drive.google.com\/file\/d\/0B0Wq1ZpxByykTTdFQzBaSUlGQU0\/view\">&gt;&gt;&gt;ici<\/a>)<br \/>\n17:35-17:45: Pr\u00e9sentation d\u2019une action exemplaire<br \/>\n17:45-18:00: Echanges autour de l\u2019eau et du climat<br \/>\n18:00 \u2013 18:30: Vernissage Exposition Eau&amp;Climat et verre de l\u2019amiti\u00e9<\/p>\n<p><strong>Merci de diffuser cet \u00e9v\u00e9nement dans vos r\u00e9seaux.<\/strong><\/p>\n<p>Si vous souhaitez en savoir +, n\u2019h\u00e9sitez pas \u00e0 nous contacter en cliquant <a href=\"http:\/\/eau-rhonealpes.fr\/contact\/\">&gt;&gt;&gt;ICI<\/a><\/p>\n<div class=\"sharedaddy sd-sharing-enabled\"><\/div>\n<\/div>\n","protected":false},"excerpt":{"rendered":"<p>\u00a0Notre partenaire Eau Bien commun en Rh\u00f4ne-Alpes vous invite \u00e0 cette exposition : EAU ET CLIMAT: A NE PAS MANQUER \u2013 LE 15 MARS A LYON (MRE) Programme: 17:00-17:10: Pr\u00e9sentation &hellip; <a href=\"https:\/\/www.sera.asso.fr\/index.php\/event\/15-mars-lyon-mre-exposition-eau-et-climat\/\" class=\"more-link\">Continuer la lecture de <span class=\"screen-reader-text\">15 Mars Lyon MRE Exposition Eau et climat<\/span> <span class=\"meta-nav\">&rarr;<\/span><\/a><\/p>\n","protected":false},"author":17,"featured_media":0,"template":"","meta":{"_tribe_events_status":"","_tribe_events_status_reason":"","footnotes":""},"tags":[],"tribe_events_cat":[],"class_list":["post-9888","tribe_events","type-tribe_events","status-publish","hentry"],"wps_subtitle":"","_links":{"self":[{"href":"https:\/\/www.sera.asso.fr\/index.php\/wp-json\/wp\/v2\/tribe_events\/9888","targetHints":{"allow":["GET"]}}],"collection":[{"href":"https:\/\/www.sera.asso.fr\/index.php\/wp-json\/wp\/v2\/tribe_events"}],"about":[{"href":"https:\/\/www.sera.asso.fr\/index.php\/wp-json\/wp\/v2\/types\/tribe_events"}],"author":[{"embeddable":true,"href":"https:\/\/www.sera.asso.fr\/index.php\/wp-json\/wp\/v2\/users\/17"}],"version-history":[{"count":0,"href":"https:\/\/www.sera.asso.fr\/index.php\/wp-json\/wp\/v2\/tribe_events\/9888\/revisions"}],"wp:attachment":[{"href":"https:\/\/www.sera.asso.fr\/index.php\/wp-json\/wp\/v2\/media?parent=9888"}],"wp:term":[{"taxonomy":"post_tag","embeddable":true,"href":"https:\/\/www.sera.asso.fr\/index.php\/wp-json\/wp\/v2\/tags?post=9888"},{"taxonomy":"tribe_events_cat","embeddable":true,"href":"https:\/\/www.sera.asso.fr\/index.php\/wp-json\/wp\/v2\/tribe_events_cat?post=9888"}],"curies":[{"name":"wp","href":"https:\/\/api.w.org\/{rel}","templated":true}]}}