{"id":6779,"date":"2014-08-13T13:00:31","date_gmt":"2014-08-13T11:00:31","guid":{"rendered":"https:\/\/www.sera.asso.fr\/?post_type=tribe_events&#038;p=6779"},"modified":"2014-08-18T12:35:52","modified_gmt":"2014-08-18T10:35:52","slug":"6-7-septembre-18eme-edition-du-festival-de-lavenir-au-naturel","status":"publish","type":"tribe_events","link":"https:\/\/www.sera.asso.fr\/index.php\/event\/6-7-septembre-18eme-edition-du-festival-de-lavenir-au-naturel\/","title":{"rendered":"6 et 7 septembre : 18\u00e8me \u00e9dition du Festival de l&rsquo;Avenir au Naturel"},"content":{"rendered":"<div class=\"gmail_default\">\n<p align=\"center\"><a href=\"https:\/\/www.sera.asso.fr\/wp-content\/uploads\/2014\/08\/thumb.jpg\" target=\"_blank\"><img loading=\"lazy\" decoding=\"async\" class=\"aligncenter size-full wp-image-6780\" src=\"https:\/\/www.sera.asso.fr\/wp-content\/uploads\/2014\/08\/thumb.jpg\" alt=\"thumb\" width=\"150\" height=\"218\" \/><\/a><\/p>\n<\/div>\n<div class=\"gmail_quote\">\n<div dir=\"ltr\">\n<div class=\"gmail_quote\">\n<div dir=\"ltr\">\n<div class=\"gmail_quote\">\n<h3 style=\"color: #222222; text-align: center;\">18\u00e8me Festival de l&rsquo;Avenir au Naturel\u00a0de l&rsquo;Albenc<\/h3>\n<p style=\"text-align: center;\"><span style=\"color: #222222;\">\u00a0<\/span><a style=\"color: #1155cc;\" href=\"http:\/\/fr.calameo.com\/accounts\/3720037\" target=\"_blank\">Espace Nature Is\u00e8re<\/a>\u00a0\u00a9\u00a0ORGANISATEUR 04 76 36 50 10 3 8 4 7 0\u00a0\u00a0 <a style=\"color: #1155cc;\" href=\"http:\/\/www.enisere.asso.fr\/\" target=\"_blank\">www.enisere.asso.fr<\/a><\/p>\n<p style=\"text-align: center;\">Festival de l\u2019ALBENC Samedi de 10h \u00e0 20h &#8211; Dimanche de 9h \u00e0 19h<\/p>\n<\/div>\n<div class=\"gmail_quote\" style=\"text-align: center;\"><a style=\"color: #1155cc;\" href=\"http:\/\/fr.calameo.com\/read\/003720037f3cbafe0c019\" target=\"_blank\" rel=\"nofollow\">Lire la publication<\/a><br \/>\n<a style=\"color: #1155cc;\" href=\"http:\/\/fr.calameo.com\/login.php\" target=\"_blank\" rel=\"nofollow\">T\u00e9l\u00e9charger<\/a><\/div>\n<div class=\"gmail_quote\" style=\"text-align: center;\"><\/div>\n<div class=\"gmail_quote\" style=\"text-align: center;\">\n<p align=\"center\"><strong><span style=\"color: #444444;\">Les 6 et 7 septembre \u00e0 35 km de Grenoble et \u00e0\u00a0<\/span><span style=\"color: #222222;\">50<\/span><span style=\"color: #444444;\">\u00a0km de Valence TGV\u00a0<\/span><\/strong><\/p>\n<p align=\"center\"><span style=\"color: #444444;\"><b>\u00a0SERA tiendra comme chaque ann\u00e9e un stand du samedi 10h au dimanche 1\u200b9 h<\/b><\/span><\/p>\n<p style=\"text-align: left;\"><span style=\"color: #444444;\">Nous vous esp\u00e9rons nombreux pour participer \u00e0 cet \u00e9v\u00e9nement\u00a0\u200bqui ouvre la p\u00e9riode 2014 &#8211; 2015.<\/span><\/p>\n<p align=\"justify\"><span style=\"color: #222222;\"> Nous\u00a0 vous conseillons tout particuli\u00e8rement d&rsquo;\u00eatre pr\u00e9sent :<\/span><\/p>\n<ul>\n<li>\n<p align=\"justify\"><span style=\"color: #222222;\">lors de la <strong>conf\u00e9rence sur la toxicit\u00e9 des nanotehnologies par Roger<\/strong> <strong>Langlet<\/strong> que nous proposons samedi \u00e0 15h dans la la salle polyvalente<\/span><\/p>\n<\/li>\n<li>\n<p align=\"justify\"><span style=\"color: #222222;\">toujours le 6 septembre \u00e0 17h lors de la conf\u00e9rence sur le trait\u00e9 transatlantique qui pourrait favoriser en France le recours au <strong>gaz de schiste<\/strong> comme c&rsquo;est d\u00e9j\u00e0 le cas aux USA et au Canada entre autre<\/span><\/p>\n<\/li>\n<li>\n<p align=\"justify\"><span style=\"color: #222222;\">et\u00a0 le dimanche 7 septembre \u00e0 15h lors de la conf\u00e9rence d&rsquo;Alain Chabrolle VP Sant\u00e9-environnement de la r\u00e9gion RA sur <strong>l&rsquo;\u00e9conomie circulaire<\/strong><\/span><\/p>\n<\/li>\n<\/ul>\n<p align=\"justify\"><span style=\"color: #000000;\">Bon festival \u00e0 tous ceux que\u00a0nous \u200bserons heureux d&rsquo;accueillir,\u00a0<\/span><span style=\"color: #000000;\">merci pour votre mobilisation et faites le savoir autour de vous\u00a0<\/span><span style=\"color: #000000;\">!<\/span><\/p>\n<\/div>\n<\/div>\n<\/div>\n<\/div>\n<\/div>\n","protected":false},"excerpt":{"rendered":"<p>18\u00e8me Festival de l&rsquo;Avenir au Naturel\u00a0de l&rsquo;Albenc \u00a0Espace Nature Is\u00e8re\u00a0\u00a9\u00a0ORGANISATEUR 04 76 36 50 10 3 8 4 7 0\u00a0\u00a0 www.enisere.asso.fr Festival de l\u2019ALBENC Samedi de 10h \u00e0 20h &#8211; &hellip; <a href=\"https:\/\/www.sera.asso.fr\/index.php\/event\/6-7-septembre-18eme-edition-du-festival-de-lavenir-au-naturel\/\" class=\"more-link\">Continuer la lecture de <span class=\"screen-reader-text\">6 et 7 septembre : 18\u00e8me \u00e9dition du Festival de l&rsquo;Avenir au Naturel<\/span> <span class=\"meta-nav\">&rarr;<\/span><\/a><\/p>\n","protected":false},"author":17,"featured_media":0,"template":"","meta":{"_tribe_events_status":"","_tribe_events_status_reason":"","footnotes":""},"tags":[81],"tribe_events_cat":[],"class_list":["post-6779","tribe_events","type-tribe_events","status-publish","hentry","tag-economie-circulairegaz-de-schistenanotechnologies"],"wps_subtitle":"","_links":{"self":[{"href":"https:\/\/www.sera.asso.fr\/index.php\/wp-json\/wp\/v2\/tribe_events\/6779","targetHints":{"allow":["GET"]}}],"collection":[{"href":"https:\/\/www.sera.asso.fr\/index.php\/wp-json\/wp\/v2\/tribe_events"}],"about":[{"href":"https:\/\/www.sera.asso.fr\/index.php\/wp-json\/wp\/v2\/types\/tribe_events"}],"author":[{"embeddable":true,"href":"https:\/\/www.sera.asso.fr\/index.php\/wp-json\/wp\/v2\/users\/17"}],"version-history":[{"count":0,"href":"https:\/\/www.sera.asso.fr\/index.php\/wp-json\/wp\/v2\/tribe_events\/6779\/revisions"}],"wp:attachment":[{"href":"https:\/\/www.sera.asso.fr\/index.php\/wp-json\/wp\/v2\/media?parent=6779"}],"wp:term":[{"taxonomy":"post_tag","embeddable":true,"href":"https:\/\/www.sera.asso.fr\/index.php\/wp-json\/wp\/v2\/tags?post=6779"},{"taxonomy":"tribe_events_cat","embeddable":true,"href":"https:\/\/www.sera.asso.fr\/index.php\/wp-json\/wp\/v2\/tribe_events_cat?post=6779"}],"curies":[{"name":"wp","href":"https:\/\/api.w.org\/{rel}","templated":true}]}}