{"id":29632,"date":"2026-03-12T00:29:47","date_gmt":"2026-03-11T22:29:47","guid":{"rendered":"https:\/\/www.sera.asso.fr\/?post_type=tribe_events&#038;p=29632"},"modified":"2026-03-16T20:45:13","modified_gmt":"2026-03-16T18:45:13","slug":"assemblee-generale-ordinaire-de-sera-a-lyon","status":"publish","type":"tribe_events","link":"https:\/\/www.sera.asso.fr\/index.php\/event\/assemblee-generale-ordinaire-de-sera-a-lyon\/","title":{"rendered":"28 mars Assembl\u00e9e g\u00e9n\u00e9rale ordinaire de SERA \u00e0 la MEML \u00e0 Lyon"},"content":{"rendered":"<p align=\"center\"><span style=\"font-family: Calibri, sans-serif;\"><span style=\"font-size: x-large;\"><b>Assembl\u00e9e G\u00e9n\u00e9rale de S<\/b><\/span><\/span><span style=\"font-family: Calibri, sans-serif;\"><span style=\"font-size: x-large;\"><b>ERA<\/b><\/span><\/span><\/p>\n<p align=\"center\"><span style=\"font-family: Calibri, sans-serif;\"><span style=\"font-size: large;\">Sant\u00e9 Environnement Auvergne-Rh\u00f4ne-Alpes<\/span><\/span><\/p>\n<p align=\"center\"><b>Maison <\/b><b>de l\u2019environnement de la M\u00e9tropole de Lyon<\/b><\/p>\n<p align=\"center\"><span style=\"font-family: Calibri, sans-serif;\"><span style=\"font-size: large;\"><b>l<\/b><\/span><span style=\"font-size: large;\"><b>e samedi <\/b><\/span><span style=\"font-size: large;\"><b>28 mars <\/b><\/span><span style=\"font-size: large;\"><b>\u00e0 partir de 9 h <\/b><\/span><span style=\"font-size: large;\"><b>30<\/b><\/span><\/span><\/p>\n<p align=\"center\"><span style=\"font-family: Calibri, sans-serif;\"><span style=\"font-size: large;\"><b>Nous vous attendons nombreux !<\/b><\/span><\/span><\/p>\n<p>&nbsp;<\/p>\n<p><span style=\"font-family: Calibri, sans-serif;\">Nous sommes heureux de vous convier \u00e0 notre prochaine Assembl\u00e9e g\u00e9n\u00e9rale ordinaire de l\u2019ann\u00e9e 2025, qui se d\u00e9roulera \u00e0 <b>La Maison <\/b><b>de l\u2019environnement de la M\u00e9tropole de Lyon<\/b><\/span><\/p>\n<p align=\"left\"><span style=\"font-family: Calibri, sans-serif;\"><b>La th\u00e9matique d\u00e9velopp\u00e9e sera cette ann\u00e9e <\/b><b>la nutrition p<\/b>ar une intervention de notre salari\u00e9e di\u00e9t\u00e9ticienne \u00e0 propos des sucres cach\u00e9s dans les produits alimentaires<br \/>\n<\/span><a name=\"pdfjs_internal_id_13R\"><\/a><a name=\"pdfjs_internal_id_24R\"><\/a><a name=\"pdfjs_internal_id_23R\"><\/a><a name=\"pdfjs_internal_id_22R\"><\/a><a name=\"pdfjs_internal_id_21R\"><\/a><a name=\"pdfjs_internal_id_20R\"><\/a><a name=\"pdfjs_internal_id_19R\"><\/a><a name=\"pdfjs_internal_id_18R\"><\/a><a name=\"pdfjs_internal_id_14R\"><\/a><a name=\"pdfjs_internal_id_17R\"><\/a> <span style=\"font-family: Calibri, sans-serif;\"><u><b>Ordre du jour pr\u00e9vu<\/b><\/u><\/span><\/p>\n<p align=\"left\"><span style=\"font-family: Calibri, sans-serif;\"> \u2022 <\/span><span style=\"font-family: Calibri, sans-serif;\">9 heures 30\u00a0: enregistrement d<\/span><span style=\"font-family: Calibri, sans-serif;\">es <\/span><span style=\"font-family: Calibri, sans-serif;\">adh\u00e9rents et <\/span><span style=\"font-family: Calibri, sans-serif;\">procurations <\/span><\/p>\n<ul>\n<li>\n<p align=\"left\"><span style=\"font-family: Calibri, sans-serif;\"><b>10h <\/b><\/span><span style=\"font-family: Calibri, sans-serif;\"><b>Assembl\u00e9e g\u00e9n\u00e9rale<\/b><\/span><span style=\"font-family: Calibri, sans-serif;\"> avec pr\u00e9sentation des divers rapports et bilans<br \/>\ndiscussion et votes, pr\u00e9sentation des nouveaux candidats<\/span><\/p>\n<\/li>\n<li>\n<p align=\"left\"><span style=\"font-family: Calibri, sans-serif;\">Rapport mora<\/span><span style=\"font-family: Calibri, sans-serif;\">l<\/span><\/p>\n<\/li>\n<li>\n<p align=\"left\"><span style=\"font-family: Calibri, sans-serif;\">Rapport d\u2019activit\u00e9 <\/span><span style=\"font-family: Calibri, sans-serif;\">(actions men\u00e9es en 202<\/span><span style=\"font-family: Calibri, sans-serif;\">5<\/span><span style=\"font-family: Calibri, sans-serif;\">, orientations et projets pour 202<\/span><span style=\"font-family: Calibri, sans-serif;\">6<\/span><span style=\"font-family: Calibri, sans-serif;\">)<\/span><\/p>\n<\/li>\n<li>\n<p align=\"left\"><span style=\"font-family: Calibri, sans-serif;\">R<\/span><span style=\"font-family: Calibri, sans-serif;\">apport<\/span><span style=\"font-family: Calibri, sans-serif;\"> financier, <\/span><span style=\"font-family: Calibri, sans-serif;\">approbation des comptes, affectation du r\u00e9sultat<\/span><span style=\"font-family: Calibri, sans-serif;\"><br \/>\nBilan pr\u00e9visionnel <\/span><span style=\"font-family: Calibri, sans-serif;\">2026<\/span><span style=\"font-family: Calibri, sans-serif;\"><br \/>\nOrientations de l\u2019association, discussions et questions diverses. <\/span><span style=\"font-family: Calibri, sans-serif;\">Renouvellement du conseil d\u2019administration (p<\/span><span style=\"font-family: Calibri, sans-serif;\">r\u00e9sentation des candidatures, \u00e9<\/span><span style=\"font-family: Calibri, sans-serif;\">lection<\/span><span style=\"font-family: Calibri, sans-serif;\">s <\/span><span style=\"font-family: Calibri, sans-serif;\">du CA <\/span><span style=\"font-family: Calibri, sans-serif;\">et <\/span><span style=\"font-family: Calibri, sans-serif;\">du bureau<\/span><span style=\"font-family: Calibri, sans-serif;\">).<\/span><\/p>\n<\/li>\n<li>\n<p align=\"left\"><span style=\"font-family: Calibri, sans-serif;\">12 h Ap\u00e9ritif buffet ( auberge espagnol) pris en commun<\/span><\/p>\n<\/li>\n<\/ul>\n<ul>\n<li>\n<p align=\"left\"><span style=\"font-family: Calibri, sans-serif;\">13h \u00a0focus sur \u00ab\u00a0les sucres \u00e0 la loupe\u00a0\u00bb? <\/span><\/p>\n<\/li>\n<\/ul>\n<p>Nous avons grand espoir que vous serez des n\u00f4tres !<\/p>\n<p align=\"justify\">\n","protected":false},"excerpt":{"rendered":"<p>Assembl\u00e9e G\u00e9n\u00e9rale de SERA Sant\u00e9 Environnement Auvergne-Rh\u00f4ne-Alpes Maison de l\u2019environnement de la M\u00e9tropole de Lyon le samedi 28 mars \u00e0 partir de 9 h 30 Nous vous attendons nombreux ! &hellip; <a href=\"https:\/\/www.sera.asso.fr\/index.php\/event\/assemblee-generale-ordinaire-de-sera-a-lyon\/\" class=\"more-link\">Continuer la lecture de <span class=\"screen-reader-text\">28 mars Assembl\u00e9e g\u00e9n\u00e9rale ordinaire de SERA \u00e0 la MEML \u00e0 Lyon<\/span> <span class=\"meta-nav\">&rarr;<\/span><\/a><\/p>\n","protected":false},"author":17,"featured_media":0,"template":"","meta":{"_tribe_events_status":"","_tribe_events_status_reason":"","footnotes":""},"tags":[],"tribe_events_cat":[76],"class_list":["post-29632","tribe_events","type-tribe_events","status-publish","hentry","tribe_events_cat-sur-inscription","cat_sur-inscription"],"wps_subtitle":"","_links":{"self":[{"href":"https:\/\/www.sera.asso.fr\/index.php\/wp-json\/wp\/v2\/tribe_events\/29632","targetHints":{"allow":["GET"]}}],"collection":[{"href":"https:\/\/www.sera.asso.fr\/index.php\/wp-json\/wp\/v2\/tribe_events"}],"about":[{"href":"https:\/\/www.sera.asso.fr\/index.php\/wp-json\/wp\/v2\/types\/tribe_events"}],"author":[{"embeddable":true,"href":"https:\/\/www.sera.asso.fr\/index.php\/wp-json\/wp\/v2\/users\/17"}],"version-history":[{"count":4,"href":"https:\/\/www.sera.asso.fr\/index.php\/wp-json\/wp\/v2\/tribe_events\/29632\/revisions"}],"predecessor-version":[{"id":29637,"href":"https:\/\/www.sera.asso.fr\/index.php\/wp-json\/wp\/v2\/tribe_events\/29632\/revisions\/29637"}],"wp:attachment":[{"href":"https:\/\/www.sera.asso.fr\/index.php\/wp-json\/wp\/v2\/media?parent=29632"}],"wp:term":[{"taxonomy":"post_tag","embeddable":true,"href":"https:\/\/www.sera.asso.fr\/index.php\/wp-json\/wp\/v2\/tags?post=29632"},{"taxonomy":"tribe_events_cat","embeddable":true,"href":"https:\/\/www.sera.asso.fr\/index.php\/wp-json\/wp\/v2\/tribe_events_cat?post=29632"}],"curies":[{"name":"wp","href":"https:\/\/api.w.org\/{rel}","templated":true}]}}